{"id":66,"date":"2024-09-25T15:33:19","date_gmt":"2024-09-25T13:33:19","guid":{"rendered":"https:\/\/www.psychoterapia-ap.pl\/?page_id=66"},"modified":"2026-07-23T13:21:22","modified_gmt":"2026-07-23T11:21:22","slug":"o-mnie","status":"publish","type":"page","link":"https:\/\/www.psychoterapia-ap.pl\/index.php\/o-mnie\/","title":{"rendered":"O mnie"},"content":{"rendered":"\t\t<div data-elementor-type=\"wp-page\" data-elementor-id=\"66\" class=\"elementor elementor-66\" data-elementor-post-type=\"page\">\n\t\t\t\t\t\t<section class=\"elementor-section elementor-top-section elementor-element elementor-element-228c735d elementor-section-stretched elementor-reverse-tablet elementor-reverse-mobile elementor-section-boxed elementor-section-height-default elementor-section-height-default\" data-id=\"228c735d\" data-element_type=\"section\" data-e-type=\"section\" data-settings=\"{&quot;stretch_section&quot;:&quot;section-stretched&quot;,&quot;background_background&quot;:&quot;classic&quot;,&quot;jet_parallax_layout_list&quot;:[]}\">\n\t\t\t\t\t\t<div class=\"elementor-container elementor-column-gap-default\">\n\t\t\t\t\t<div class=\"elementor-column elementor-col-50 elementor-top-column elementor-element elementor-element-1cd5a767\" data-id=\"1cd5a767\" data-element_type=\"column\" data-e-type=\"column\">\n\t\t\t<div class=\"elementor-widget-wrap elementor-element-populated\">\n\t\t\t\t\t\t<section class=\"elementor-section elementor-inner-section elementor-element elementor-element-1b9ac32f elementor-section-boxed elementor-section-height-default elementor-section-height-default\" data-id=\"1b9ac32f\" data-element_type=\"section\" data-e-type=\"section\" data-settings=\"{&quot;jet_parallax_layout_list&quot;:[]}\">\n\t\t\t\t\t\t<div class=\"elementor-container elementor-column-gap-default\">\n\t\t\t\t\t<div class=\"elementor-column elementor-col-100 elementor-inner-column elementor-element elementor-element-88a9d0a\" data-id=\"88a9d0a\" data-element_type=\"column\" data-e-type=\"column\">\n\t\t\t<div class=\"elementor-widget-wrap elementor-element-populated\">\n\t\t\t\t\t\t<div class=\"elementor-element elementor-element-ad401b7 elementor-widget elementor-widget-spacer\" data-id=\"ad401b7\" data-element_type=\"widget\" data-e-type=\"widget\" data-widget_type=\"spacer.default\">\n\t\t\t\t<div class=\"elementor-widget-container\">\n\t\t\t\t\t\t\t<div class=\"elementor-spacer\">\n\t\t\t<div class=\"elementor-spacer-inner\"><\/div>\n\t\t<\/div>\n\t\t\t\t\t\t<\/div>\n\t\t\t\t<\/div>\n\t\t\t\t<div class=\"elementor-element elementor-element-b3f211e elementor-widget elementor-widget-image\" data-id=\"b3f211e\" data-element_type=\"widget\" data-e-type=\"widget\" data-widget_type=\"image.default\">\n\t\t\t\t<div class=\"elementor-widget-container\">\n\t\t\t\t\t\t\t\t\t\t\t\t\t\t\t<img fetchpriority=\"high\" decoding=\"async\" width=\"427\" height=\"640\" src=\"https:\/\/www.psychoterapia-ap.pl\/wp-content\/uploads\/2024\/09\/DSC_4067.jpg\" class=\"attachment-large size-large wp-image-212\" alt=\"\" srcset=\"https:\/\/www.psychoterapia-ap.pl\/wp-content\/uploads\/2024\/09\/DSC_4067.jpg 427w, https:\/\/www.psychoterapia-ap.pl\/wp-content\/uploads\/2024\/09\/DSC_4067-200x300.jpg 200w\" sizes=\"(max-width: 427px) 100vw, 427px\" \/>\t\t\t\t\t\t\t\t\t\t\t\t\t\t\t<\/div>\n\t\t\t\t<\/div>\n\t\t\t\t\t<\/div>\n\t\t<\/div>\n\t\t\t\t\t<\/div>\n\t\t<\/section>\n\t\t\t\t\t<\/div>\n\t\t<\/div>\n\t\t\t\t<div class=\"elementor-column elementor-col-50 elementor-top-column elementor-element elementor-element-75216c7b\" data-id=\"75216c7b\" data-element_type=\"column\" data-e-type=\"column\">\n\t\t\t<div class=\"elementor-widget-wrap elementor-element-populated\">\n\t\t\t\t\t\t<div class=\"elementor-element elementor-element-698b8c85 elementor-invisible elementor-widget elementor-widget-heading\" data-id=\"698b8c85\" data-element_type=\"widget\" data-e-type=\"widget\" data-settings=\"{&quot;_animation&quot;:&quot;fadeIn&quot;}\" data-widget_type=\"heading.default\">\n\t\t\t\t<div class=\"elementor-widget-container\">\n\t\t\t\t\t<h2 class=\"elementor-heading-title elementor-size-default\">Poznaj mnie!<\/h2>\t\t\t\t<\/div>\n\t\t\t\t<\/div>\n\t\t\t\t<div class=\"elementor-element elementor-element-79c74cd8 elementor-widget elementor-widget-spacer\" data-id=\"79c74cd8\" data-element_type=\"widget\" data-e-type=\"widget\" data-widget_type=\"spacer.default\">\n\t\t\t\t<div class=\"elementor-widget-container\">\n\t\t\t\t\t\t\t<div class=\"elementor-spacer\">\n\t\t\t<div class=\"elementor-spacer-inner\"><\/div>\n\t\t<\/div>\n\t\t\t\t\t\t<\/div>\n\t\t\t\t<\/div>\n\t\t\t\t<div class=\"elementor-element elementor-element-3361dd24 elementor-widget elementor-widget-text-editor\" data-id=\"3361dd24\" data-element_type=\"widget\" data-e-type=\"widget\" data-widget_type=\"text-editor.default\">\n\t\t\t\t<div class=\"elementor-widget-container\">\n\t\t\t\t\t\t\t\t\t<p align=\"LEFT\"><span style=\"color: #323232;\"><span style=\"font-family: HelveticaNeue, sans-serif;\"><span style=\"font-size: x-large;\">Uko\u0144czy\u0142am 4-letni kurs psychoterapii w Polskim Instytucie Psychoterapii Integratywnej w Krakowie. Od tej pory stale podnosz\u0119 swoje kwalifikacje<\/span><\/span><\/span><span style=\"color: #323232;\"><span style=\"font-family: HelveticaNeue, sans-serif;\"><span style=\"font-size: x-large;\"><span lang=\"pl-PL\"> w zawodzie psychoterapeuty.<\/span><\/span><\/span><\/span><\/p><p align=\"LEFT\"><span style=\"color: #323232;\"><span style=\"font-family: HelveticaNeue, sans-serif;\"><span style=\"font-size: x-large;\">Posiadam Certyfikat<\/span><\/span><\/span><span style=\"color: #323232;\"><span style=\"font-family: HelveticaNeue, sans-serif;\"><span style=\"font-size: x-large;\"><span lang=\"pl-PL\">y<\/span><\/span><\/span><\/span><span style=\"color: #323232;\"><span style=\"font-family: HelveticaNeue, sans-serif;\"><span style=\"font-size: x-large;\"> Psychoterapeuty( nr P\/007\/25) i Psychotraumatologa (nr PT\/010\/25) Polskiego Stowarzyszenia Terapii Systemowej, uznane przez NFZ. <\/span><\/span><\/span><span style=\"color: #323232;\"><span style=\"font-family: HelveticaNeue, sans-serif;\"><span style=\"font-size: x-large;\"><span lang=\"pl-PL\">Jestem <\/span><\/span><\/span><\/span><span style=\"color: #323232;\"><span style=\"font-family: HelveticaNeue, sans-serif;\"><span style=\"font-size: x-large;\">certyfikowan\u0105 psychoterapeutk\u0105 w European Asocciation for Psychotherapy.<br \/><\/span><\/span><\/span><span style=\"color: #323232;\"><span style=\"font-family: HelveticaNeue, sans-serif;\"><span style=\"font-size: x-large;\">Swoj\u0105 prac\u0119 poddaj\u0119 superwizji indywidualnej i grupowej u certyfikowanych superwizor\u00f3w Polskiego Towarzystwa Psychologicznego i EAP. Odby\u0142am 6 miesi\u0119czny sta\u017c w Zamkni\u0119tym Oddziale Psychiatrycznym, przy Specjalistycznym Zespole Psychiatrycznej Opieki Zdrowotnej we Wroc\u0142awiu.<\/span><\/span><\/span><\/p>\t\t\t\t\t\t\t\t<\/div>\n\t\t\t\t<\/div>\n\t\t\t\t<div class=\"elementor-element elementor-element-54446e22 elementor-mobile-align-center elementor-invisible elementor-widget elementor-widget-button\" data-id=\"54446e22\" data-element_type=\"widget\" data-e-type=\"widget\" data-settings=\"{&quot;_animation&quot;:&quot;fadeInUp&quot;}\" data-widget_type=\"button.default\">\n\t\t\t\t<div class=\"elementor-widget-container\">\n\t\t\t\t\t\t\t\t\t<div class=\"elementor-button-wrapper\">\n\t\t\t\t\t<a class=\"elementor-button elementor-button-link elementor-size-md elementor-animation-hang\" href=\"https:\/\/www.psychoterapia-ap.pl\/index.php\/kontakt\/\">\n\t\t\t\t\t\t<span class=\"elementor-button-content-wrapper\">\n\t\t\t\t\t\t<span class=\"elementor-button-icon\">\n\t\t\t\t<svg aria-hidden=\"true\" class=\"e-font-icon-svg e-fas-arrow-right\" viewBox=\"0 0 448 512\" xmlns=\"http:\/\/www.w3.org\/2000\/svg\"><path d=\"M190.5 66.9l22.2-22.2c9.4-9.4 24.6-9.4 33.9 0L441 239c9.4 9.4 9.4 24.6 0 33.9L246.6 467.3c-9.4 9.4-24.6 9.4-33.9 0l-22.2-22.2c-9.5-9.5-9.3-25 .4-34.3L311.4 296H24c-13.3 0-24-10.7-24-24v-32c0-13.3 10.7-24 24-24h287.4L190.9 101.2c-9.8-9.3-10-24.8-.4-34.3z\"><\/path><\/svg>\t\t\t<\/span>\n\t\t\t\t\t\t\t\t\t<span class=\"elementor-button-text\">Skontaktuj si\u0119 z mn\u0105!<\/span>\n\t\t\t\t\t<\/span>\n\t\t\t\t\t<\/a>\n\t\t\t\t<\/div>\n\t\t\t\t\t\t\t\t<\/div>\n\t\t\t\t<\/div>\n\t\t\t\t\t<\/div>\n\t\t<\/div>\n\t\t\t\t\t<\/div>\n\t\t<\/section>\n\t\t\t\t<section class=\"elementor-section elementor-top-section elementor-element elementor-element-371cc348 elementor-section-content-bottom elementor-section-height-min-height elementor-section-items-stretch elementor-section-boxed elementor-section-height-default\" data-id=\"371cc348\" data-element_type=\"section\" data-e-type=\"section\" data-settings=\"{&quot;background_background&quot;:&quot;classic&quot;,&quot;jet_parallax_layout_list&quot;:[]}\">\n\t\t\t\t\t\t\t<div class=\"elementor-background-overlay\"><\/div>\n\t\t\t\t\t\t\t<div class=\"elementor-container elementor-column-gap-no\">\n\t\t\t\t\t<div class=\"elementor-column elementor-col-50 elementor-top-column elementor-element elementor-element-11c2268\" data-id=\"11c2268\" data-element_type=\"column\" data-e-type=\"column\">\n\t\t\t<div class=\"elementor-widget-wrap elementor-element-populated\">\n\t\t\t\t\t\t<div class=\"elementor-element elementor-element-46cf549 elementor-widget elementor-widget-spacer\" data-id=\"46cf549\" data-element_type=\"widget\" data-e-type=\"widget\" data-widget_type=\"spacer.default\">\n\t\t\t\t<div class=\"elementor-widget-container\">\n\t\t\t\t\t\t\t<div class=\"elementor-spacer\">\n\t\t\t<div class=\"elementor-spacer-inner\"><\/div>\n\t\t<\/div>\n\t\t\t\t\t\t<\/div>\n\t\t\t\t<\/div>\n\t\t\t\t\t<\/div>\n\t\t<\/div>\n\t\t\t\t<div class=\"elementor-column elementor-col-50 elementor-top-column elementor-element elementor-element-636e28d0\" data-id=\"636e28d0\" data-element_type=\"column\" data-e-type=\"column\" data-settings=\"{&quot;background_background&quot;:&quot;classic&quot;}\">\n\t\t\t<div class=\"elementor-widget-wrap elementor-element-populated\">\n\t\t\t\t\t\t<div class=\"elementor-element elementor-element-5c0cfc72 elementor-invisible elementor-widget elementor-widget-heading\" data-id=\"5c0cfc72\" data-element_type=\"widget\" data-e-type=\"widget\" data-settings=\"{&quot;_animation&quot;:&quot;fadeIn&quot;}\" data-widget_type=\"heading.default\">\n\t\t\t\t<div class=\"elementor-widget-container\">\n\t\t\t\t\t<h3 class=\"elementor-heading-title elementor-size-default\">Wci\u0105\u017c uzupe\u0142niam swoj\u0105 wiedz\u0119 praktyczn\u0105, uko\u0144czy\u0142am nast\u0119puj\u0105ce szkolenia: Diagnoza kliniczna DSM IV - I i II stopie\u0144, Integratywna Psychoterapia Kr\u00f3tkoterminowa, Integratywna Psychoterapia Zaburze\u0144 L\u0119kowych, Integratywna Psychoterapia Depresji, Hipnoza kliniczna - szkolenie podstawowe i zaawansowane. Psychosomatoterapia, praca z cia\u0142em, mindfulness, Terapia pacjent\u00f3w z zaburzeniem jedzenia i Psychoterapia par. W 2019 roku uko\u0144czy\u0142am cykl  szkole\u0144: \"Metody pracy z cia\u0142em w praktyce psychoterapeuty\u201d.W 2025 roku uko\u0144czy\u0142am warsztat dotycz\u0105cy wi\u0119zi i traum: Auto i koregulacja.<\/h3>\t\t\t\t<\/div>\n\t\t\t\t<\/div>\n\t\t\t\t<div class=\"elementor-element elementor-element-542fabe7 elementor-widget-divider--view-line elementor-invisible elementor-widget elementor-widget-divider\" data-id=\"542fabe7\" data-element_type=\"widget\" data-e-type=\"widget\" data-settings=\"{&quot;_animation&quot;:&quot;fadeInUp&quot;}\" data-widget_type=\"divider.default\">\n\t\t\t\t<div class=\"elementor-widget-container\">\n\t\t\t\t\t\t\t<div class=\"elementor-divider\">\n\t\t\t<span class=\"elementor-divider-separator\">\n\t\t\t\t\t\t<\/span>\n\t\t<\/div>\n\t\t\t\t\t\t<\/div>\n\t\t\t\t<\/div>\n\t\t\t\t<div class=\"elementor-element elementor-element-77578d86 elementor-widget elementor-widget-text-editor\" data-id=\"77578d86\" data-element_type=\"widget\" data-e-type=\"widget\" data-widget_type=\"text-editor.default\">\n\t\t\t\t<div class=\"elementor-widget-container\">\n\t\t\t\t\t\t\t\t\t<p>Od kiedy pami\u0119tam fascynuje mnie cz\u0142owiek &#8211; Jego emocje, relacje i droga do tego jak lepiej pozna\u0107 siebie. Wierz\u0119, \u017ce ka\u017cdy ma w sobie potencja\u0142 do zmiany. Psychoterapia pomaga go odkry\u0107 w bezpiecznej i pe\u0142nej szacunku atmosferze.<br \/>Nieustannie rozwijam swoja wiedz\u0119 i umiej\u0119tno\u015bci, chc\u0119 jak najlepiej wspiera\u0107 osoby, kt\u00f3re zg\u0142aszaj\u0105 si\u0119 po pomoc z r\u00f3\u017cnych powod\u00f3w, najcz\u0119\u015bciej: \u017ceby odzyska\u0107 r\u00f3wnowag\u0119 po trudnych do\u015bwiadczeniach, w trakcie przechodzenia przez g\u0142\u0119bokie zmiany, w problemach zwi\u0105zanych z budowaniem wi\u0119zi np. w rodzinie, w pracy. W kryzysach zwi\u0105zanych z brakiem bezpiecze\u0144stwa i nieradzeniem sobie z emocjami. <br \/>Moje wykszta\u0142cenie dotycz\u0105ce pracy z cz\u0142owiekiem rozpocz\u0119\u0142am ju\u017c w liceum, na profilu pedagogicznym, a edukacja na studiach wy\u017cszych to ci\u0105g dalszy: Zarz\u0105dzanie Kadrami i Psychologia Zarz\u0105dzania, studiowa\u0142am te\u017c Filozofi\u0119, uko\u0144czy\u0142am studia podyplomowe z Psychologii Zarz\u0105dzania. <br \/>Poza gabinetem najch\u0119tniej sp\u0119dzam czas na spacerach i kontakcie z natur\u0105. Uwielbiam spotkania z przyjaci\u00f3\u0142mi. Moj\u0105 pasj\u0105 s\u0105 te\u017c podr\u00f3\u017ce. Przygl\u0105dam si\u0119 wtedy r\u00f3\u017cnym wymiarom cz\u0142owiecze\u0144stwa. Dzi\u0119ki nim \u0142atwiej zachowuje r\u00f3wnowag\u0119 i dystans od \u201ep\u0119dz\u0105cego \u015bwiata\u201d, to jest wa\u017cne w mojej pracy z drugim cz\u0142owiekiem.<\/p><p>\u00a0<\/p>\t\t\t\t\t\t\t\t<\/div>\n\t\t\t\t<\/div>\n\t\t\t\t\t<\/div>\n\t\t<\/div>\n\t\t\t\t\t<\/div>\n\t\t<\/section>\n\t\t\t\t<\/div>\n\t\t","protected":false},"excerpt":{"rendered":"<p>Poznaj mnie! Uko\u0144czy\u0142am 4-letni kurs psychoterapii w Polskim Instytucie Psychoterapii Integratywnej w Krakowie. Od tej pory stale podnosz\u0119 swoje kwalifikacje w zawodzie psychoterapeuty. Posiadam Certyfikaty Psychoterapeuty( nr P\/007\/25) i Psychotraumatologa (nr PT\/010\/25) Polskiego Stowarzyszenia Terapii Systemowej, uznane przez NFZ. Jestem certyfikowan\u0105 psychoterapeutk\u0105 w European Asocciation for Psychotherapy.Swoj\u0105 prac\u0119 poddaj\u0119 superwizji indywidualnej i grupowej u certyfikowanych [&hellip;]<\/p>\n","protected":false},"author":1,"featured_media":0,"parent":0,"menu_order":0,"comment_status":"closed","ping_status":"closed","template":"elementor_header_footer","meta":{"footnotes":""},"class_list":["post-66","page","type-page","status-publish","hentry"],"_links":{"self":[{"href":"https:\/\/www.psychoterapia-ap.pl\/index.php\/wp-json\/wp\/v2\/pages\/66","targetHints":{"allow":["GET"]}}],"collection":[{"href":"https:\/\/www.psychoterapia-ap.pl\/index.php\/wp-json\/wp\/v2\/pages"}],"about":[{"href":"https:\/\/www.psychoterapia-ap.pl\/index.php\/wp-json\/wp\/v2\/types\/page"}],"author":[{"embeddable":true,"href":"https:\/\/www.psychoterapia-ap.pl\/index.php\/wp-json\/wp\/v2\/users\/1"}],"replies":[{"embeddable":true,"href":"https:\/\/www.psychoterapia-ap.pl\/index.php\/wp-json\/wp\/v2\/comments?post=66"}],"version-history":[{"count":43,"href":"https:\/\/www.psychoterapia-ap.pl\/index.php\/wp-json\/wp\/v2\/pages\/66\/revisions"}],"predecessor-version":[{"id":371,"href":"https:\/\/www.psychoterapia-ap.pl\/index.php\/wp-json\/wp\/v2\/pages\/66\/revisions\/371"}],"wp:attachment":[{"href":"https:\/\/www.psychoterapia-ap.pl\/index.php\/wp-json\/wp\/v2\/media?parent=66"}],"curies":[{"name":"wp","href":"https:\/\/api.w.org\/{rel}","templated":true}]}}